{"version":"1.0","provider_name":"Csendes Percek Istennel","provider_url":"https:\/\/csendespercekistennel.cafeblog.hu","author_name":"Csendes Percek Istennel","author_url":"https:\/\/csendespercekistennel.cafeblog.hu\/author\/csendes_percek_istennel\/","title":"Abbahagyom","html":"<h3 style=\"text-align: center\"><strong>\u201eAz Istennek tetsz\u0151 szomor\u00fas\u00e1g ugyanis \u00fcdv\u00f6s t\u00f6redelmet eredm\u00e9nyez, s ezt senki nem b\u00e1nja meg; a vil\u00e1g szomor\u00fas\u00e1ga ellenben a hal\u00e1lba visz.\u201d 2Kor 7,10<\/strong><\/h3>\r\n<p>&nbsp;<\/p>\r\n<p>&nbsp;<\/p>\r\n<p style=\"text-align: justify\">Azt s\u00fagja a sz\u00edvem ma reggel, hogy ideje abbahagyni.<\/p>\r\n<p style=\"text-align: justify\">Nem a szolg\u00e1latot.<\/p>\r\n<p style=\"text-align: justify\">Nem egy kapcsolatot.<\/p>\r\n<p style=\"text-align: justify\">Azt, hogy \u00e1lland\u00f3an b\u00edr\u00e1ljak valakit, akit nagyon szeretek.<\/p>\r\n<p style=\"text-align: justify\">Az benne a furcsa, hogy alapj\u00e1ban nem is vagyok kritikus hajlam\u00fa ember. M\u00e9gis azon kaptam magam, hogy sz\u00e9p lassan olyann\u00e1 v\u00e1lt a viselked\u00e9sem ezzel az illet\u0151vel, amilyen az \u00f6v\u00e9 velem.<\/p>\r\n<p style=\"text-align: justify\">Mindig kritiz\u00e1l.<\/p>\r\n<p style=\"text-align: justify\">Ez\u00e9rt \u00e9n is ezt teszem. J\u00f3 sokszor.<\/p>\r\n<p style=\"text-align: justify\">Ma reggel eg\u00e9szen biztosan \u00e9rzem, hogy m\u00e1s viselked\u00e9smint\u00e1t, m\u00e1s hozz\u00e1\u00e1ll\u00e1st kell k\u00f6vetnem.<\/p>\r\n<p style=\"text-align: justify\">Nemr\u00e9g a lelk\u00e9sz\u00fcnk egy nagyon meggy\u0151z\u0151 igazs\u00e1got \u00e1ll\u00edtott a pr\u00e9dik\u00e1ci\u00f3j\u00e1ban. Azt mondta: \u201eJ\u00e9zus nem az\u00e9rt halt meg, hogy b\u00e1nk\u00f3djunk. Az\u00e9rt halt meg \u00e9s t\u00e1madt fel, hogy megv\u00e1ltozzunk.\u201d<\/p>\r\n<p style=\"text-align: justify\">Megv\u00e1ltozzunk.<\/p>\r\n<p style=\"text-align: justify\">El\u00e9g nagy k\u00fcl\u00f6nbs\u00e9g van a b\u00e1nk\u00f3d\u00e1s \u00e9s a megv\u00e1ltoz\u00e1s k\u00f6z\u00f6tt.<\/p>\r\n<p style=\"text-align: justify\">Ha b\u00e1nk\u00f3dom, rosszul \u00e9rzem magam. Egy ideig f\u00e1j a sz\u00edvem.<\/p>\r\n<p style=\"text-align: justify\">A megv\u00e1ltoz\u00e1s tart\u00f3s, csak akkor k\u00f6vetkezik be, ha megb\u00e1nom a b\u0171neimet. A megb\u00e1n\u00e1s m\u00e9lyebb a b\u00e1nk\u00f3d\u00e1sn\u00e1l. Meggy\u0151z\u0151d\u00e9s, ami arra vezet, hogy t\u00e9nylegesen helyrehozzak valamit, megv\u00e1ltoztassam a viselked\u00e9sem vagy egy szok\u00e1somat, rossz hajlamomat.<\/p>\r\n<p style=\"text-align: justify\">A 2Kor 7,10 arra tan\u00edt, hogy az Isten szerint val\u00f3 b\u00e1nk\u00f3d\u00e1s a szabadul\u00e1shoz vezet\u0151 b\u0171nb\u00e1natot eredm\u00e9nyezi, \u00e9s nem marad ut\u00e1na megb\u00e1n\u00e1s. A vil\u00e1gi szomor\u00fas\u00e1g a hal\u00e1lhoz vezet.<\/p>\r\n<p style=\"text-align: justify\">\u201eSenki nem b\u00e1nja meg\u201d \u2013 er\u0151teljes szavak.<\/p>\r\n<p style=\"text-align: justify\">Szeretn\u00e9k olyan \u00e9letet \u00e9lni, hogy ne kelljen megb\u00e1nnom semmit.<\/p>\r\n<p style=\"text-align: justify\">\u00c9s ez a mai nap igen alkalmas arra, hogy olyasmivel foglalkozzam, ami elvezet egy j\u00f3 adag b\u0171nb\u00e1nathoz.<\/p>\r\n<p style=\"text-align: justify\">Elhat\u00e1rozom teh\u00e1t, hogy valah\u00e1nyszor \u00e9rzem, hogy kritikus szavak k\u00e9sz\u00fclnek elhagyni a sz\u00e1mat, tartsam ezt megh\u00edv\u00e1snak valami biztat\u00f3 \u00fczenet k\u00f6zvet\u00edt\u00e9s\u00e9re.<\/p>\r\n<p style=\"text-align: justify\">M\u00e9g van egy-k\u00e9t dolog, amit tiszt\u00e1znom kell ezzel az illet\u0151vel, de azzal fogom kezdeni, hogy az er\u0151ss\u00e9geit s az azokkal j\u00e1r\u00f3 felel\u0151ss\u00e9get hangs\u00falyozom el\u0151sz\u00f6r, \u00e9s nem a gyenges\u00e9geire f\u00f3kusz\u00e1lok.\u00a0<\/p>\r\n<p style=\"text-align: justify\">P\u00e9ld\u00e1ul: \u201eTe nagy hat\u00e1ssal vagy az emberekre! \u00c9szrevetted m\u00e1r, hogy mikor boldog vagy, m\u00e1sokra is kisug\u00e1rzod a boldogs\u00e1got? Ha viszont negat\u00edv vagy, a k\u00f6r\u00fcl\u00f6tted l\u00e9v\u0151ket is azz\u00e1 teszed. Nekem most arra van sz\u00fcks\u00e9gem, hogy pozit\u00edvan l\u00e1ssam a dolgokat, ehhez k\u00e9rem a seg\u00edts\u00e9gedet. El tudod v\u00e1llalni ezt a vezet\u0151 szerepet? Hogyan tudn\u00e1l pozit\u00edv hat\u00e1ssal lenni erre a mostani helyzetre \u00e9s r\u00e1m?\u201d<\/p>\r\n<p style=\"text-align: justify\">Nem vagyok olyan naiv, hogy azt higgyem, mindez k\u00f6nnyen megy majd. Kegyelemre lesz sz\u00fcks\u00e9gem. Neki is kegyelemre lesz sz\u00fcks\u00e9ge. De ha tudom, hogy meg kell v\u00e1ltoznom, van es\u00e9ly r\u00e1, hogy a v\u00e1ltoz\u00e1s elkezd\u0151dik.<\/p>\r\n<p style=\"text-align: justify\">Te szeretn\u00e9l abbahagyni valami r\u00e9gi szok\u00e1st, negat\u00edv hozz\u00e1\u00e1ll\u00e1st, rossz hajlamot? \u00c9n biztosan. Legk\u00f6zelebb, ha valami alkalom ad\u00f3dik r\u00e1, jussanak esz\u00fcnkbe a lelk\u00e9szem szavai: \u201eJ\u00e9zus nem az\u00e9rt halt meg, hogy b\u00e1nk\u00f3djunk. Az\u00e9rt halt meg \u00e9s t\u00e1madt fel, hogy megv\u00e1ltozzunk.\u201d<\/p>\r\n<p style=\"text-align: justify\">\u00a0<\/p>\r\n<p style=\"text-align: justify\"><em>Uram, k\u00e9sz vagyok abbahagyni. Kritiz\u00e1l\u00f3 szavak helyett kedves, b\u00e1tor\u00edt\u00f3 szavakat szeretn\u00e9k mondani. Seg\u00edts, k\u00e9rlek, hogy v\u00e9grehajtsam ezt a fordulatot. J\u00e9zus nev\u00e9ben, \u00c1men.<\/em><\/p>\r\n<p style=\"text-align: justify\">\u00a0<\/p>\r\n<p style=\"text-align: justify\">\u00a0<\/p>\r\n<h6 style=\"text-align: justify\"><a href=\"https:\/\/csendespercekistennel.cafeblog.hu\/files\/2016\/05\/bfad34b678055e9e32c4746646fd5c82.jpg\"><img class=\"size-medium wp-image-2580 alignleft\" src=\"https:\/\/csendespercekistennel.cafeblog.hu\/files\/2016\/05\/bfad34b678055e9e32c4746646fd5c82-202x300.jpg\" alt=\"bfad34b678055e9e32c4746646fd5c82\" width=\"202\" height=\"300\" \/><\/a><\/h6>\r\n<h6 style=\"text-align: justify\">\u00a0<\/h6>\r\n<h6 style=\"text-align: justify\">forr\u00e1s: Lysa TerKeurst Encouragement for today, 2012.05.10.www.proverbs31.org ford\u00edt\u00e1s:eszmelkedesek.blogspot.hu fot<\/h6>\r\n<p style=\"text-align: justify\">\u00a0<\/p>","type":"rich"}