{"version":"1.0","provider_name":"Csendes Percek Istennel","provider_url":"https:\/\/csendespercekistennel.cafeblog.hu","author_name":"Csendes Percek Istennel","author_url":"https:\/\/csendespercekistennel.cafeblog.hu\/author\/csendes_percek_istennel\/","title":"Istent keresve","html":"<h3 align=\"center\"><b><span style=\"line-height: 107%;font-family: 'Georgia',serif;font-size: 12pt\"><span style=\"color: #000000\">\u201eKeress\u00e9tek az Urat \u00e9s az \u0151 erej\u00e9t, keress\u00e9tek sz\u00fcntelen az arc\u00e1t.\u201d 1Kr\u00f3n 16,11<\/span><\/span><\/b><\/h3>\r\n<p><span style=\"line-height: 107%;font-family: 'Georgia',serif;font-size: 12pt\"><span style=\"color: #000000\">Elle, a kisunok\u00e1m, h\u00e1rom\u00e9ves. Nemr\u00e9g egy csal\u00e1di \u00f6sszej\u00f6vetelre \u0151 \u00e9s a sz\u00fclei el\u0151tt\u00fcnk \u00e9rkeztek. Hetek \u00f3ta nem tal\u00e1lkoztunk, \u00e9s ez nem jellemz\u0151. Mikor bel\u00e9pt\u00fcnk az ajt\u00f3n, f\u00fclig futott a sz\u00e1ja, \u00e9s odaszaladt a karjaimba. <\/span><\/span><span style=\"line-height: 107%;font-family: 'Georgia',serif;font-size: 12pt\"><span style=\"color: #000000\">A k\u00f6vetkez\u0151 percekben azzal foglalkozott, hogy k\u00f6rbe-k\u00f6rbej\u00e1rk\u00e1lt a szob\u00e1ban, \u00e9s minden k\u00f6r ut\u00e1n odaj\u00f6tt hozz\u00e1m, r\u00e1tette a kis kez\u00e9t a t\u00e9rdemre, s ragyog\u00f3 szemmel k\u00f6z\u00f6lte: \u201eMegvagy!\u201d <\/span><\/span><span style=\"line-height: 107%;font-family: 'Georgia',serif;font-size: 12pt\"><span style=\"color: #000000\">Mintha tudtomra akarta volna adni, hogy b\u00e1r sokan vannak k\u00f6r\u00fcl\u00f6tte, nagyon \u00f6r\u00fcl annak, hogy \u00e9n ott vagyok. <\/span><\/span><span style=\"line-height: 107%;font-family: 'Georgia',serif;font-size: 12pt\"><span style=\"color: #000000\">Szoktam \u00e9n \u00edgy \u00f6r\u00fclni a Megv\u00e1lt\u00f3m jelenl\u00e9t\u00e9nek? Szoktam \u00fagy keresni, ahogy az 1Kr\u00f3n 16,11 tan\u00edtja? <\/span><\/span><span style=\"line-height: 107%;font-family: 'Georgia',serif;font-size: 12pt\"><span style=\"color: #000000\">Tennival\u00f3im t\u00f6meg\u00e9ben sz\u00e1nok id\u0151t r\u00e1, hogy megkeressem?<\/span><\/span><\/p>\r\n<p><span style=\"line-height: 107%;font-family: 'Georgia',serif;font-size: 12pt\"><span style=\"color: #000000\">Az igazs\u00e1g az, hogy ha nem figyelek oda, a Vele t\u00f6lt\u00f6tt id\u0151 harmadik, negyedik helyre szorul vissza a tennival\u00f3im k\u00f6z\u00f6tt, hat\u00e1rid\u0151k, kifizetetlen sz\u00e1ml\u00e1k, k\u00f6telez\u0151 k\u00f6r\u00f6k, esem\u00e9nyek furakodnak El\u00e9. Pedig ha keresem, ha a jelenl\u00e9t\u00e9ben tart\u00f3zkodom, \u00fajra meg \u00fajra \u00e1t\u00e9lem, milyen csod\u00e1latos Vele lenni, im\u00e1dni \u0150t, \u00e9rezni Mennyei Aty\u00e1m \u00f6r\u00f6m\u00e9t \u00e9s szeretet\u00e9t. <\/span><\/span><span style=\"line-height: 107%;font-family: 'Georgia',serif;font-size: 12pt\"><span style=\"color: #000000\">Gondolataim kavarg\u00e1sa k\u00f6zt meg\u00e1llok-e, hogy kimondjam: \u201eMegvagy!\u201d<\/span><\/span><\/p>\r\n<p><span style=\"line-height: 107%;font-family: 'Georgia',serif;font-size: 12pt\"><span style=\"color: #000000\">Vagy hagyom, hogy a szorong\u00e1s, a d\u00fch, az idegess\u00e9g, az agg\u00f3d\u00e1s ker\u00fclj\u00f6n a k\u00f6z\u00e9ppontba, s elfeledkezem \u00edg\u00e9reteir\u0151l, amik harm\u00f3ni\u00e1r\u00f3l, er\u0151r\u0151l, vihar k\u00f6zben is b\u00e9kess\u00e9gr\u0151l sz\u00f3lnak? Igen, \u0150 mindig ott van, err\u0151l biztos\u00edtott minket (<b>J\u00f3zs 1,9; R\u00f3m 8,38-39; Zsid 3,15<\/b>). De szoktam k\u00e9rni, hogy gy\u00fajtson f\u00e9nyt kavarg\u00f3 gondolataim k\u00f6z\u00f6tt? <\/span><\/span><span style=\"line-height: 107%;font-family: 'Georgia',serif;font-size: 12pt\"><span style=\"color: #000000\">Meg szoktam h\u00edvni zs\u00fafolt \u00e9letem minden egyes sark\u00e1ba?<\/span><\/span><\/p>\r\n<p><span style=\"line-height: 107%;font-family: 'Georgia',serif;font-size: 12pt\"><span style=\"color: #000000\">Az Istennel t\u00f6lt\u00f6tt id\u0151 nem szor\u00edtkozhat az ima\u00f3r\u00e1ra, a bibliaolvas\u00e1s perceire. Arra h\u00edv, hogy Benne \u00e9lj\u00fcnk, mozogjunk, legy\u00fcnk (<b>ApCsel 17,28<\/b>). Ez azt jelenti, hogy vel\u00fcnk van, mikor gyermekeinket rendezz\u00fck, mikor munk\u00e1ba megy\u00fcnk, mikor gy\u00f6ny\u00f6rk\u00f6d\u00fcnk egy csod\u00e1s naplement\u00e9ben, vagy vigasztaljuk egy bar\u00e1tunkat. H\u00edv\u0151kk\u00e9nt, mi nem csak \u00fagy \u00e9l\u00fcnk: Benne \u00e9l\u00fcnk, \u00e9s \u0150 mibenn\u00fcnk. <\/span><\/span><span style=\"line-height: 107%;font-family: 'Georgia',serif;font-size: 12pt\"><span style=\"color: #000000\">Elle-nek volt v\u00e1laszt\u00e1si lehet\u0151s\u00e9ge. Nagyn\u00e9nik, nagyb\u00e1csik fordultak fel\u00e9 kit\u00e1rt karral. J\u00e1t\u00e9kok, k\u00e9pesk\u00f6nyvek k\u00f6z\u00f6tt v\u00e1logathatott. Unokatestv\u00e9rek puszilgatt\u00e1k. <\/span><\/span><span style=\"line-height: 107%;font-family: 'Georgia',serif;font-size: 12pt\"><span style=\"color: #000000\">\u0150 m\u00e9gis nekem fejezte ki \u00f6r\u00f6m\u00e9t. Nem ig\u00e9nyeltem, \u00e9n en\u00e9lk\u00fcl is minden idegsz\u00e1lammal szeretem ezt a kis t\u00fcnd\u00e9rt. De hogy ennyire szeret \u0151 is, az v\u00e9gtelen \u00f6r\u00f6mmel t\u00f6lti el nagyanyai sz\u00edvemet.<\/span><\/span><\/p>\r\n<p><span style=\"line-height: 107%;font-family: 'Georgia',serif;font-size: 12pt\"><span style=\"color: #000000\">Mikor fejezted ki legut\u00f3bb \u00f6r\u00f6m\u00f6det az \u00darban? Vagy \u00e9rezted meg az \u0150 \u00f6r\u00f6m\u00e9t, hogy veled lehet? Szeret t\u00e9ged, ezt tudjuk mindketten. De mi volna, ha ma f\u00e9lretolva kerget\u0151z\u0151 gondolataidat, zs\u00fafolt programodat, elragadtatva odaki\u00e1ltan\u00e1l Neki: \u201eMegvagy!\u201d<\/span><\/span><\/p>\r\n<p><i><span style=\"line-height: 107%;font-family: 'Georgia',serif;font-size: 12pt\"><span style=\"color: #000000\">Dr\u00e1ga Mennyei Aty\u00e1m! \u00d6r\u00fcl\u00f6k Neked. Nem az\u00e9rt, amit kapok T\u0151led, hanem az\u00e9rt, hogy vagy nekem, az\u00e9rt, Aki vagy. Szeretlek sz\u00edvemb\u0151l, lelkemb\u0151l, elm\u00e9mb\u0151l. Mindegy, kik vesznek k\u00f6r\u00fcl, arra v\u00e1gyom, hogy Veled legyek. J\u00e9zus nev\u00e9ben, \u00c1men.<\/span><\/span><\/i><\/p>\r\n<p><span style=\"line-height: 107%;font-family: 'Georgia',serif;font-size: 12pt\"><span style=\"color: #000000\">\u00a0<\/span><\/span><\/p>\r\n<p><a href=\"https:\/\/csendespercekistennel.cafeblog.hu\/files\/2016\/01\/12606806_10153884140151543_1106130709_n.jpg\"><img class=\"size-medium wp-image-2241 alignleft\" src=\"https:\/\/csendespercekistennel.cafeblog.hu\/files\/2016\/01\/12606806_10153884140151543_1106130709_n-207x300.jpg\" alt=\"12606806_10153884140151543_1106130709_n\" width=\"207\" height=\"300\" \/><\/a><\/p>\r\n<p>&nbsp;<\/p>\r\n<h6><span style=\"line-height: 107%;font-family: 'Georgia',serif;font-size: 12pt\"><span style=\"color: #000000\">(forr\u00e1s: Suzie Eller: Looking for God\u00a0Encouragement for today, 2013.06.18.\u00a0www.proverbs31.org\/devotions ford\u00edt\u00e1s:eszmelkedesek.blogspot.hu fot\u00f3:pinterest.com)<\/span><\/span><\/h6>\r\n<h6><span style=\"color: #000000;font-family: Calibri\">\u00a0<\/span><\/h6>\r\n<p>&nbsp;<\/p>","type":"rich"}