{"version":"1.0","provider_name":"Csendes Percek Istennel","provider_url":"https:\/\/csendespercekistennel.cafeblog.hu","author_name":"Csendes Percek Istennel","author_url":"https:\/\/csendespercekistennel.cafeblog.hu\/author\/csendes_percek_istennel\/","title":"","html":"<a href=\"http:\/\/4.bp.blogspot.com\/-JUZ-rY4ust4\/VSN6bV9TEaI\/AAAAAAAAHK0\/RdGQCXyzO74\/s1600\/cf176b8b03d8842ab8e40fd55beb5426.jpg\" style=\"clear: right;float: right;margin-bottom: 1em;margin-left: 1em\"><img border=\"0\" src=\"http:\/\/4.bp.blogspot.com\/-JUZ-rY4ust4\/VSN6bV9TEaI\/AAAAAAAAHK0\/RdGQCXyzO74\/s1600\/cf176b8b03d8842ab8e40fd55beb5426.jpg\" height=\"238\" width=\"320\" \/><\/a>\"Legyen mindig id\u0151nk a pihen\u00e9sre, a hallgat\u00e1sra, s legyen id\u0151nk arra, hogy magunkba n\u00e9zz\u00fcnk s hogy im\u00e1dkozzunk! Akkor az agg\u00f3d\u00e1st felv\u00e1ltja a nyugalom, a vil\u00e1goss\u00e1g eloszlatja a hom\u00e1lyt, s fel\u00fcd\u00fcl\u00e9s l\u00e9p a kimer\u00fclts\u00e9g hely\u00e9be. Illessz\u00fck be napirend\u00fcnkbe a mag\u00e1ny perceit! Tegy\u00fck \u00e9letst\u00edlusunkk\u00e1! S akkor a b\u00e9kess\u00e9g lesz a v\u00e9djegy\u00fcnk, \u00e9s minden egyes nap, melyet Istent\u0151l kapunk, \u00e1ld\u00e1ss\u00e1 v\u00e1lik.\"<br \/>(Mindennapi im\u00e1ink - Meghitt besz\u00e9lget\u00e9sek)<br \/><br \/>","type":"rich"}