{"version":"1.0","provider_name":"Csendes Percek Istennel","provider_url":"https:\/\/csendespercekistennel.cafeblog.hu","author_name":"Csendes Percek Istennel","author_url":"https:\/\/csendespercekistennel.cafeblog.hu\/author\/csendes_percek_istennel\/","title":"B\u00e1rcsak","html":"<h2 style=\"text-align: center\">Val\u00f3ban nagy nyeres\u00e9g az Istenf\u00e9lelem, megel\u00e9ged\u00e9ssel;<\/h2><br \/>1Tim 6,6<br \/><br \/><div style=\"text-align: justify\">\u00c9lt\u00e9l m\u00e1r a \u201eb\u00e1rcsakok\u201d vil\u00e1g\u00e1ban?<\/div><div style=\"text-align: justify\">B\u00e1rcsak t\u00f6bb p\u00e9nzem lenne, mennyivel k\u00f6nnyebb volna minden!<\/div><div style=\"text-align: justify\">B\u00e1rcsak lefogyn\u00e9k 8 kil\u00f3t, mennyivel boldogabb lenn\u00e9k!<\/div><div style=\"text-align: justify\">B\u00e1rcsak felismern\u00e9k a tehets\u00e9gemet, mennyivel \u00e9rt\u00e9kesebbnek \u00e9rezhetn\u00e9m magam!<\/div><div style=\"text-align: justify\">Nemr\u00e9g a f\u00e9rjem munk\u00e1ban val\u00f3 el\u0151rehalad\u00e1s\u00e1\u00e9rt im\u00e1dkoztunk. Nemhogy v\u00e1lasz nem \u00e9rkezett, de m\u00e9g azok az ajt\u00f3k is becsuk\u00f3dtak, amikr\u0151l azt hitt\u00fck, nyitva \u00e1llnak el\u0151tte. Ahogy telt az id\u0151, kezdtek megjelenni a \u201eb\u00e1rcsakok\u201d.<\/div><div style=\"text-align: justify\">B\u00e1rcsak tudn\u00e1nk a biztos ir\u00e1nyt!<\/div><div style=\"text-align: justify\">B\u00e1rcsak megval\u00f3s\u00edthatn\u00e1nk az \u00e1lmot, amit Isten a sz\u00edv\u00fcnkbe \u00fcltetett!<\/div><div style=\"text-align: justify\">B\u00e1rcsak, b\u00e1rcsak, b\u00e1rcsak\u2026<\/div><div style=\"text-align: justify\">Lassacsk\u00e1n ezek a ki nem mondott szavak \u00e1tvett\u00e9k gondolkod\u00e1som ir\u00e1ny\u00edt\u00e1s\u00e1t. Az im\u00e1ds\u00e1gomba is bef\u00e9rk\u0151ztek. Belopakodtak a f\u00e9rjemmel val\u00f3 kapcsolatomba.<\/div><div style=\"text-align: justify\">Egyik nap Timothy Keller King\u2019s Cross-\u00e1t olvastam, mikor ezek a szavak ugrottak el\u00e9m:<\/div><div style=\"text-align: justify\">\u201eA Biblia szerint az a f\u0151 bajunk, hogy szem\u00e9lyis\u00e9g\u00fcnk fel\u00e9p\u00edt\u00e9s\u00e9t valami J\u00e9zuson k\u00edv\u00fcli dologra alapozzuk. Arra, hogy sikeresek legy\u00fcnk valamilyen ter\u00fcleten, vagy egy adott kapcsolatra, vagy csak hogy felkelj\u00fcnk \u00e9s j\u00e1rjunk \u2013 \u00e1lland\u00f3an azt mondjuk magunknak: \u2019B\u00e1rcsak ez vagy az lenne, teljes\u00fclne legm\u00e9lyebb v\u00e1gyam, s akkor minden rendben lenne\u2019\u201d.<\/div><div style=\"text-align: justify\">Hirtelen magamra ismertem. A legm\u00e9lyebb v\u00e1gyam ir\u00e1nyt v\u00e1ltott. Valaha Istenre \u00e1h\u00edtoztam, most a gondolkod\u00e1som \u00e9s a tetteim ak\u00f6r\u00fcl forogtak, ami hi\u00e1nyzott, ami nem volt az eny\u00e9m. Amit nem tudtam ir\u00e1ny\u00edtani.<\/div><div style=\"text-align: justify\">Aznap este bevallottam f\u00e9rjemnek, hogy nemcsak arra k\u00f3sz\u00e1ltam, ahol a b\u00e1rcsakok \u00e9lnek, de ott is maradtam. \u00cdg\u00e9retet tettem, hogy ezent\u00fal ahelyett, hogy azzal foglalkozn\u00e9k, amim nincs, arra fogok figyelni, azt fogom \u00e9rt\u00e9kelni, amim van.<\/div><div style=\"text-align: justify\"><i>Van, mit enn\u00fcnk. Van hol laknunk. Meleg van az otthonunkban. K\u00f6sz\u00f6n\u00f6m Neked, Aty\u00e1m.<\/i><\/div><div style=\"text-align: justify\"><a href=\"http:\/\/2.bp.blogspot.com\/-C0HZPNVLP-E\/VPy8nYrVi5I\/AAAAAAAAG90\/cWBqAKzdwXc\/s1600\/282671314081578910s4rhzUR8c.jpg\" style=\"clear: right;float: right;margin-bottom: 1em;margin-left: 1em\"><img border=\"0\" src=\"http:\/\/2.bp.blogspot.com\/-C0HZPNVLP-E\/VPy8nYrVi5I\/AAAAAAAAG90\/cWBqAKzdwXc\/s1600\/282671314081578910s4rhzUR8c.jpg\" height=\"320\" width=\"239\" \/><\/a><i>Ma karomban tarthattam az unok\u00e1mat. L\u00e1ttad, milyen \u00e9desen mosolygott? \u00d6r\u00f6m\u00f6m lelem benne, Uram.<\/i><\/div><div style=\"text-align: justify\"><i>A nappaliban \u00fcl\u00fcnk a f\u00e9rjemmel, s nagyokat nevet\u00fcnk. K\u00f6sz\u00f6n\u00f6m Neked a vid\u00e1ms\u00e1got.<\/i><\/div><div style=\"text-align: justify\"><i>Ma \u00e9s minden nap Tied vagyok, J\u00e9zus. Te t\u00f6bb vagy, mint el\u00e9g.<\/i><\/div><div style=\"text-align: justify\">A h\u00edv\u0151 ember el\u00e9gedetts\u00e9ge nem passz\u00edv. Cselekv\u0151 hit abban, hogy Isten el\u00e9g. Te meg \u00e9n az\u00e9rt \u00e9rezz\u00fck j\u00f3l magunkat, mert legm\u00e9lyebb v\u00e1gyaink nem k\u00f6t\u0151dnek a fogy\u00e1shoz, a karrierhez, egy kapcsolathoz vagy az elismerts\u00e9ghez. Ha m\u00e9gis \u00fagy \u00e9rzed, hogy a b\u00e1rcsakok vil\u00e1g\u00e1ban \u00e9lsz, pr\u00f3b\u00e1lj meg \u00e1tv\u00e1ltani, ne a v\u00e1gyaiddal foglalkozz, hanem vedd sz\u00e1mba, amid van, \u00e9s adj \u00e9rte h\u00e1l\u00e1t Istennek.<\/div><div style=\"text-align: justify\"><br \/><\/div><div style=\"text-align: justify\"><i>Uram, hiszem, hogy Te el\u00e9g vagy, Te j\u00f3 vagy. Te vagy a l\u00e9tsz\u00fcks\u00e9gletem. Szem\u00e9lyis\u00e9gemet R\u00e1d alapozom, \u00f6r\u00f6m\u00f6met Benned tal\u00e1lom. J\u00e9zus nev\u00e9ben, \u00c1men.<\/i><\/div><div style=\"text-align: justify\"><i><br \/><\/i><\/div><div style=\"text-align: justify\"><i><br \/><\/i><\/div><br \/><span style=\"font-size: x-small\">(Forr\u00e1s: Encouragement for today, 2012.03.12. T. Suzanne Eller ,www.proverbs31.org, ford\u00edt\u00e1s: www. eszmelkedesek.blogspot.hu)<\/span><br \/><div><br \/><\/div>","type":"rich"}